{"id":2665,"date":"2025-05-16T06:59:34","date_gmt":"2025-05-16T04:59:34","guid":{"rendered":"https:\/\/vaellocampos.com\/de\/?post_type=astra-portfolio&#038;p=2665"},"modified":"2025-05-16T07:00:38","modified_gmt":"2025-05-16T05:00:38","slug":"deckel-fuer-emaillierte-stahlgeschirre","status":"publish","type":"astra-portfolio","link":"https:\/\/vaellocampos.com\/de\/Kataloge\/deckel-fuer-emaillierte-stahlgeschirre\/","title":{"rendered":"Deckel f\u00fcr emaillierte Stahlgeschirre"},"content":{"rendered":"\n\n\t<ul>\n\t\t\t<li>\n\t\t\t<h4>\n\t\t\t\t<a href=\"https:\/\/vaellocampos.com\/de\/pfanne\/\" target=\"_self\" data-hover=\"Zur\u00fcck zum Pfannenkatalog\" rel=\"noopener\">Zur\u00fcck zum Pfannenkatalog<\/a>\n\t\t\t<\/h4>\n\t\t<\/li>\n\t\t\t\t<\/ul>\n\t\t\t<h3>M\u00c1S INFORMACI\u00d3N<\/h3>\n\t\t\t<div class=\"fl-builder-content fl-builder-content-2029 fl-builder-template fl-builder-module-template fl-builder-global-templates-locked\" data-post-id=\"2029\"><div class=\"fl-module fl-module-contact-form fl-node-607d5f7a7f590\" data-node=\"607d5f7a7f590\">\n\t<div class=\"fl-module-content fl-node-content\">\n\t\t<form class=\"fl-contact-form\" >\t<input type=\"hidden\" id=\"fl-contact-form-nonce\" name=\"fl-contact-form-nonce\" value=\"0c68addab5\" \/><input type=\"hidden\" name=\"_wp_http_referer\" value=\"\/de\/wp-json\/wp\/v2\/astra-portfolio\/2665\" \/>\t<input type=\"hidden\" name=\"fl-layout-id\" value=\"2665\" \/>\n\t\t<div class=\"fl-input-group fl-name\">\n\t\t<label for=\"fl-name\"  class=\"fl-contact-form-label-hidden\">Name<\/label>\n\t\t<span class=\"fl-contact-error\" id=\"name-error\">Bitte geben Sie Ihren Namen ein.<\/span>\n\t\t<input type=\"text\" id=\"fl-name\" name=\"fl-name\" aria-describedby=\"name-error\" value=\"\" placeholder=\"Name\" \/>\n\t<\/div>\n\t\t\t\t<div class=\"fl-input-group fl-email\">\n\t\t<label for=\"fl-email\"  class=\"fl-contact-form-label-hidden\">Deine E-Mail<\/label>\n\t\t<span class=\"fl-contact-error\" id=\"email-error\">Bitte geben Sie eine g\u00fcltige E-Mail Adresse ein.<\/span>\n\t\t<input type=\"email\" id=\"fl-email\" aria-describedby=\"email-error\" name=\"fl-email\" value=\"\" placeholder=\"Deine E-Mail\" \/>\n\t<\/div>\n\t\t\t<div class=\"fl-input-group fl-message\">\n\t\t<label for=\"fl-message\"  class=\"fl-contact-form-label-hidden\">Ihre Nachricht<\/label>\n\t\t<span class=\"fl-contact-error\" id=\"message-error\">Bitte geben Sie eine Nachricht ein.<\/span>\n\t\t<textarea id=\"fl-message\" name=\"fl-message\" aria-describedby=\"message-error\" placeholder=\"Ihre Nachricht\"><\/textarea>\n\t<\/div>\n\t\t\t<div class=\"fl-input-group fl-terms-checkbox\">\n\t\t\t\t\t\t\t<div class=\"fl-terms-checkbox-text\"><p>In \u00dcbereinstimmung mit den geltenden Rechtsvorschriften zum Schutz personenbezogener Daten werden Sie dar\u00fcber informiert, dass die personenbezogenen Daten, die Sie uns \u00fcber dieses Formular zur Verf\u00fcgung stellen, von Vaello Campos, SL verarbeitet werden, um Ihre Anfrage zu bearbeiten und Ihnen detailliertere Informationen zuzusenden. F\u00fcr weitere Informationen konsultieren Sie unsere--&gt;\u00a0<span style=\"color: #000000;\"><strong><a style=\"color: #000000;\" href=\"https:\/\/vaellocampos.com\/de\/datenschutzrichtlinie\/\" target=\"_blank\" rel=\"noopener\"> Datenschutzrichtlinie.<\/a><\/strong><\/span><\/p><\/div>\n\t\t\t\t\t\t<label for=\"fl-terms-checkbox-607d5f7a7f590\">\n\t\t\t\t<input type=\"checkbox\" class=\"checkbox-inline\" id=\"fl-terms-checkbox-607d5f7a7f590\" name=\"fl-terms-checkbox\" value=\"1\" \/> Ich habe die Datenschutzerkl\u00e4rung von Vaello Campos, SL gelesen und akzeptiere sie. sowie die Zusendung von Werbung.\t\t\t<\/label>\n\t\t\t<span class=\"fl-contact-error\">Sie m\u00fcssen die Allgemeinen Gesch\u00e4ftsbedingungen akzeptieren.<\/span>\n\t\t<\/div>\n\t\n\t\t<div  class=\"fl-button-wrap fl-button-width-full fl-button-left\">\n\t\t\t<a href=\"#\" target=\"_self\" class=\"fl-button\">\n\t\t\t\t\t\t\t<span class=\"fl-button-text\">Nachricht senden<\/span>\n\t\t\t\t\t<\/a>\n\t<\/div>\n\t\n\t<span class=\"fl-send-error\" style=\"display:none;\">Nachricht senden fehlgeschlagen. Bitte versuchen Sie es sp\u00e4ter noch einmal.<\/span>\n<\/form>\n\t<span class=\"fl-success-msg\" style=\"display:none;\"><p>Danke f\u00fcr deine Nachricht! Wir werden bald in Kontakt treten.<\/p><\/span>\n\t<\/div>\n<\/div>\n<\/div><div class=\"uabb-js-breakpoint\" style=\"display: none;\"><\/div>\t\t\t\n<h2>\n\t\tDeckel f\u00fcr \n\t<\/h2>\n<h2>\n\t\temaillierte Stahlgeschirre\n\t<\/h2>\n\t<p>Ref.52<\/p>\n\t\t\t\t<img decoding=\"async\" src=\"https:\/\/vaellocampos.com\/wp-content\/uploads\/garantia-quemadores.png\" alt=\"garantia-quemadores\" itemprop=\"image\" title=\"garantia-quemadores\" onerror=\"this.style.display='none'\"  \/>\n\t<p>Servierplattendeckel aus emailliertem Stahl &#8211; die ideale L\u00f6sung f\u00fcr originelle Tischpr\u00e4sentationen. Hergestellt aus robustem kaltgewalztem Stahl mit s\u00e4urebest\u00e4ndiger Beschichtung f\u00fcr Langlebigkeit und einfache Reinigung. Verleihen Sie Ihren Gerichten eine besondere Note und sch\u00fctzen Sie sie gleichzeitig.<\/p>\n<h4>\n\t\t[ EIGENSCHAFTEN DER DECKEL ]\n\t<\/h4>\n\t\t\t\t<table>\n\t\t\t\t\t<thead>\n\t\t\t\t\t\t\t\t\t\t\t\t\t\t<th rowspan=\"1\" colspan=\"1\">\n\t\t\t\t\t\t\t\t\t\t F\u00dcR QUELLEN \n\t\t\t\t\t\t\t\t\t\t\t\t\t\t\t\t\t<\/th>\n\t\t\t\t\t\t\t\t\t\t\t\t\t\t<th rowspan=\"1\" colspan=\"1\">\n\t\t\t\t\t\t\t\t\t\t\t\t<img decoding=\"async\" src=\"https:\/\/vaellocampos.com\/wp-content\/uploads\/icono-caja.png\" alt=\"\"\/>\n\t\t\t\t\t\t\t\t\t\t EINHEITEN \n\t\t\t\t\t\t\t\t\t\t\t\t\t\t\t\t\t<\/th>\n\t\t\t\t\t\t\t\t\t\t\t<\/thead>\n\t\t\t\t\t<tbody>\n\t\t\t\t\t\t\t\t\t\t\t\t\t\t\t<tr>\n\t\t\t\t\t\t\t\t\t\t\t\t\t\t\t\t\t\t\t\t<td colspan=\"\" rowspan=\"\">\n\t\t\t\t\t\t\t\t\t\t\t\t\t\t\t\t\t\t\t\t\t\t\t 12 \n\t\t\t\t\t\t\t\t\t\t\t\t\t\t\t\t\t\t\t\t\t\t\t<\/td>\n\t\t\t\t\t\t\t\t\t\t\t\t\t\t\t\t<td colspan=\"\" rowspan=\"\">\n\t\t\t\t\t\t\t\t\t\t\t\t\t\t\t\t\t\t\t\t\t\t\t 6 \n\t\t\t\t\t\t\t\t\t\t\t\t\t\t\t\t\t\t\t\t\t\t\t<\/td>\n\t\t\t\t\t\t\t\t\t\t\t\t\t\t\t<\/tr><tr>\n\t\t\t\t\t\t\t\t\t\t\t\t\t\t\t\t\t\t\t\t<td colspan=\"\" rowspan=\"\">\n\t\t\t\t\t\t\t\t\t\t\t\t\t\t\t\t\t\t\t\t\t\t\t 14 \n\t\t\t\t\t\t\t\t\t\t\t\t\t\t\t\t\t\t\t\t\t\t\t<\/td>\n\t\t\t\t\t\t\t\t\t\t\t\t\t\t\t\t<td colspan=\"\" rowspan=\"\">\n\t\t\t\t\t\t\t\t\t\t\t\t\t\t\t\t\t\t\t\t\t\t\t 6 \n\t\t\t\t\t\t\t\t\t\t\t\t\t\t\t\t\t\t\t\t\t\t\t<\/td>\n\t\t\t\t\t\t\t\t\t\t\t\t\t\t\t<\/tr><tr>\n\t\t\t\t\t\t\t\t\t\t\t\t\t\t\t\t\t\t\t\t<td colspan=\"\" rowspan=\"\">\n\t\t\t\t\t\t\t\t\t\t\t\t\t\t\t\t\t\t\t\t\t\t\t 16 \n\t\t\t\t\t\t\t\t\t\t\t\t\t\t\t\t\t\t\t\t\t\t\t<\/td>\n\t\t\t\t\t\t\t\t\t\t\t\t\t\t\t\t<td colspan=\"\" rowspan=\"\">\n\t\t\t\t\t\t\t\t\t\t\t\t\t\t\t\t\t\t\t\t\t\t\t 6 \n\t\t\t\t\t\t\t\t\t\t\t\t\t\t\t\t\t\t\t\t\t\t\t<\/td>\n\t\t\t\t\t\t\t\t\t\t\t\t\t\t\t<\/tr><tr>\n\t\t\t\t\t\t\t\t\t\t\t\t\t\t\t\t\t\t\t\t<td colspan=\"\" rowspan=\"\">\n\t\t\t\t\t\t\t\t\t\t\t\t\t\t\t\t\t\t\t\t\t\t\t 20 \n\t\t\t\t\t\t\t\t\t\t\t\t\t\t\t\t\t\t\t\t\t\t\t<\/td>\n\t\t\t\t\t\t\t\t\t\t\t\t\t\t\t\t<td colspan=\"\" rowspan=\"\">\n\t\t\t\t\t\t\t\t\t\t\t\t\t\t\t\t\t\t\t\t\t\t\t 6 \n\t\t\t\t\t\t\t\t\t\t\t\t\t\t\t\t\t\t\t\t\t\t\t<\/td>\n\t\t\t\t\t\t\t\t\t\t\t\t\t\t\t<\/tr><tr>\n\t\t\t\t\t\t\t\t\t\t\t\t\t\t\t\t\t\t\t\t<td colspan=\"\" rowspan=\"\">\n\t\t\t\t\t\t\t\t\t\t\t\t\t\t\t\t\t\t\t\t\t\t\t 24 \n\t\t\t\t\t\t\t\t\t\t\t\t\t\t\t\t\t\t\t\t\t\t\t<\/td>\n\t\t\t\t\t\t\t\t\t\t\t\t\t\t\t\t<td colspan=\"\" rowspan=\"\">\n\t\t\t\t\t\t\t\t\t\t\t\t\t\t\t\t\t\t\t\t\t\t\t 4 \n\t\t\t\t\t\t\t\t\t\t\t\t\t\t\t\t\t\t\t\t\t\t\t<\/td>\n\t\t\t\t\t\t\t\t\t\t\t\t\t\t\t<\/tr><tr>\n\t\t\t\t\t\t\t\t\t\t\t\t\t\t\t\t\t\t\t\t<td colspan=\"\" rowspan=\"\">\n\t\t\t\t\t\t\t\t\t\t\t\t\t\t\t\t\t\t\t\t\t\t\t 28 \n\t\t\t\t\t\t\t\t\t\t\t\t\t\t\t\t\t\t\t\t\t\t\t<\/td>\n\t\t\t\t\t\t\t\t\t\t\t\t\t\t\t\t<td colspan=\"\" rowspan=\"\">\n\t\t\t\t\t\t\t\t\t\t\t\t\t\t\t\t\t\t\t\t\t\t\t 4 \n\t\t\t\t\t\t\t\t\t\t\t\t\t\t\t\t\t\t\t\t\t\t\t<\/td>\n\t\t\t\t\t\t\t\t\t\t\t\t\t\t\t<\/tr><tr>\n\t\t\t\t\t\t\t\t\t\t\t\t\t\t\t\t\t\t\t\t<td colspan=\"\" rowspan=\"\">\n\t\t\t\t\t\t\t\t\t\t\t\t\t\t\t\t\t\t\t\t\t\t\t 32 \n\t\t\t\t\t\t\t\t\t\t\t\t\t\t\t\t\t\t\t\t\t\t\t<\/td>\n\t\t\t\t\t\t\t\t\t\t\t\t\t\t\t\t<td colspan=\"\" rowspan=\"\">\n\t\t\t\t\t\t\t\t\t\t\t\t\t\t\t\t\t\t\t\t\t\t\t 4 \n\t\t\t\t\t\t\t\t\t\t\t\t\t\t\t\t\t\t\t\t\t\t\t<\/td>\n\t\t\t\t\t\t\t\t\t\t\t<\/tr><\/tbody>\n\t\t\t\t<\/table>\n\t\t<a href=\"https:\/\/vaellocampos.com\/de\/Kataloge\/ref-41-emaillierter-braeter-mit-griffen\/\" title=\"View Box Content\" target=\"_self\" aria-label=\"Post Element\" rel=\"noopener\"><\/a>\t\t\n\t\t\t\t\t\t\t\t\t\t\t\t\t\t<a href=\"https:\/\/vaellocampos.com\/de\/Kataloge\/ref-41-emaillierter-braeter-mit-griffen\/\" target=\"_self\" title=\"Ref. 41 | Emaillierter Br\u00e4ter mit griffen\" rel=\"noopener\">\n\t\t\t\t<img decoding=\"async\" src=\"https:\/\/vaellocampos.com\/de\/wp-content\/uploads\/sites\/4\/sarten-esmaltada-portfolio-4136.jpg\" alt=\"\" \/>\n\t\t\t\t<\/a>\n\t\t\t\t\t\t<h6>\n\t\t\t\t<a href=https:\/\/vaellocampos.com\/de\/Kataloge\/ref-41-emaillierter-braeter-mit-griffen\/ title=\"Ref. 41 | Emaillierter Br\u00e4ter mit griffen\" tabindex=\"0\">Ref. 41 | Emaillierter Br\u00e4ter mit griffen<\/a>\t\t\t<\/h6>\n\t\t<a href=\"https:\/\/vaellocampos.com\/de\/Kataloge\/ref-20-frittierpfanne-mit-korb\/\" title=\"View Box Content\" target=\"_self\" aria-label=\"Post Element\" rel=\"noopener\"><\/a>\t\t\n\t\t\t\t\t\t\t\t\t\t\t\t\t\t<a href=\"https:\/\/vaellocampos.com\/de\/Kataloge\/ref-20-frittierpfanne-mit-korb\/\" target=\"_self\" title=\"Ref. 20 | Frittierpfanne mit korb\" rel=\"noopener\">\n\t\t\t\t<img decoding=\"async\" src=\"https:\/\/vaellocampos.com\/de\/wp-content\/uploads\/sites\/4\/sarten-esmaltada-portfolio-2024.jpg\" alt=\"\" \/>\n\t\t\t\t<\/a>\n\t\t\t\t\t\t<h6>\n\t\t\t\t<a href=https:\/\/vaellocampos.com\/de\/Kataloge\/ref-20-frittierpfanne-mit-korb\/ title=\"Ref. 20 | Frittierpfanne mit korb\" tabindex=\"0\">Ref. 20 | Frittierpfanne mit korb<\/a>\t\t\t<\/h6>\n\t\t<a href=\"https:\/\/vaellocampos.com\/de\/Kataloge\/ref-09-pfanne-emaillierte-mit-griff\/\" title=\"View Box Content\" target=\"_self\" aria-label=\"Post Element\" rel=\"noopener\"><\/a>\t\t\n\t\t\t\t\t\t\t\t\t\t\t\t\t\t<a href=\"https:\/\/vaellocampos.com\/de\/Kataloge\/ref-09-pfanne-emaillierte-mit-griff\/\" target=\"_self\" title=\"Ref. 09 | Pfanne emaillierte mit Griff\" rel=\"noopener\">\n\t\t\t\t<img decoding=\"async\" src=\"https:\/\/vaellocampos.com\/de\/wp-content\/uploads\/sites\/4\/sarten-esmaltada-portfolio-0936.jpg\" alt=\"\" \/>\n\t\t\t\t<\/a>\n\t\t\t\t\t\t<h6>\n\t\t\t\t<a href=https:\/\/vaellocampos.com\/de\/Kataloge\/ref-09-pfanne-emaillierte-mit-griff\/ title=\"Ref. 09 | Pfanne emaillierte mit Griff\" tabindex=\"0\">Ref. 09 | Pfanne emaillierte mit Griff<\/a>\t\t\t<\/h6>\n\t\t<a href=\"https:\/\/vaellocampos.com\/de\/Kataloge\/ref-07-emaillierte-pfanne-mit-griff\/\" title=\"View Box Content\" target=\"_self\" aria-label=\"Post Element\" rel=\"noopener\"><\/a>\t\t\n\t\t\t\t\t\t\t\t\t\t\t\t\t\t<a href=\"https:\/\/vaellocampos.com\/de\/Kataloge\/ref-07-emaillierte-pfanne-mit-griff\/\" target=\"_self\" title=\"Ref. 07 | Emaillierte Pfanne mit Griff\" rel=\"noopener\">\n\t\t\t\t<img decoding=\"async\" src=\"https:\/\/vaellocampos.com\/de\/wp-content\/uploads\/sites\/4\/sarten-esmaltada-portfolio-0740.jpg\" alt=\"\" \/>\n\t\t\t\t<\/a>\n\t\t\t\t\t\t<h6>\n\t\t\t\t<a href=https:\/\/vaellocampos.com\/de\/Kataloge\/ref-07-emaillierte-pfanne-mit-griff\/ title=\"Ref. 07 | Emaillierte Pfanne mit Griff\" tabindex=\"0\">Ref. 07 | Emaillierte Pfanne mit Griff<\/a>\t\t\t<\/h6>\n\t\t<a href=\"https:\/\/vaellocampos.com\/de\/Kataloge\/ref-65-emaillierte-pfanne-mit-griff-spezielle-induktion-vitro\/\" title=\"View Box Content\" target=\"_self\" aria-label=\"Post Element\" rel=\"noopener\"><\/a>\t\t\n\t\t\t\t\t\t\t\t\t\t\t\t\t\t<a href=\"https:\/\/vaellocampos.com\/de\/Kataloge\/ref-65-emaillierte-pfanne-mit-griff-spezielle-induktion-vitro\/\" target=\"_self\" title=\"Ref. 65 | Emaillierte Pfanne mit Griff\" rel=\"noopener\">\n\t\t\t\t<img decoding=\"async\" src=\"https:\/\/vaellocampos.com\/de\/wp-content\/uploads\/sites\/4\/ref56-spezielle-Induktion-vitroceramic.jpg\" alt=\"\" \/>\n\t\t\t\t<\/a>\n\t\t\t\t\t\t<h6>\n\t\t\t\t<a href=https:\/\/vaellocampos.com\/de\/Kataloge\/ref-65-emaillierte-pfanne-mit-griff-spezielle-induktion-vitro\/ title=\"Ref. 65 | Emaillierte Pfanne mit Griff\" tabindex=\"0\">Ref. 65 | Emaillierte Pfanne mit Griff<\/a>\t\t\t<\/h6>\n\t\t<a href=\"https:\/\/vaellocampos.com\/de\/Kataloge\/ref-06-emaillierte-pfanne-mit-griff\/\" title=\"View Box Content\" target=\"_self\" aria-label=\"Post Element\" rel=\"noopener\"><\/a>\t\t\n\t\t\t\t\t\t\t\t\t\t\t\t\t\t<a href=\"https:\/\/vaellocampos.com\/de\/Kataloge\/ref-06-emaillierte-pfanne-mit-griff\/\" target=\"_self\" title=\"Ref. 06 | Emaillierte Pfanne mit Griff\" rel=\"noopener\">\n\t\t\t\t<img decoding=\"async\" src=\"https:\/\/vaellocampos.com\/de\/wp-content\/uploads\/sites\/4\/sarten-esmaltada-portfolio-56.jpg\" alt=\"\" \/>\n\t\t\t\t<\/a>\n\t\t\t\t\t\t<h6>\n\t\t\t\t<a href=https:\/\/vaellocampos.com\/de\/Kataloge\/ref-06-emaillierte-pfanne-mit-griff\/ title=\"Ref. 06 | Emaillierte Pfanne mit Griff\" tabindex=\"0\">Ref. 06 | Emaillierte Pfanne mit Griff<\/a>\t\t\t<\/h6>\n\t\t<a href=\"https:\/\/vaellocampos.com\/de\/Kataloge\/ref-64-emailleirter-grillschale\/\" title=\"View Box Content\" target=\"_self\" aria-label=\"Post Element\" rel=\"noopener\"><\/a>\t\t\n\t\t\t\t\t\t\t\t\t\t\t\t\t\t<a href=\"https:\/\/vaellocampos.com\/de\/Kataloge\/ref-64-emailleirter-grillschale\/\" target=\"_self\" title=\"Ref. 64 | Emailleirter Grillschale\" rel=\"noopener\">\n\t\t\t\t<img decoding=\"async\" src=\"https:\/\/vaellocampos.com\/de\/wp-content\/uploads\/sites\/4\/portfolio-Emailleirter-Grillschale-new.jpg\" alt=\"\" \/>\n\t\t\t\t<\/a>\n\t\t\t\t\t\t<h6>\n\t\t\t\t<a href=https:\/\/vaellocampos.com\/de\/Kataloge\/ref-64-emailleirter-grillschale\/ title=\"Ref. 64 | Emailleirter Grillschale\" tabindex=\"0\">Ref. 64 | Emailleirter Grillschale<\/a>\t\t\t<\/h6>\n\t\t<a href=\"https:\/\/vaellocampos.com\/de\/Kataloge\/ref-62-emaillierter-topf\/\" title=\"View Box Content\" target=\"_self\" aria-label=\"Post Element\" rel=\"noopener\"><\/a>\t\t\n\t\t\t\t\t\t\t\t\t\t\t\t\t\t<a href=\"https:\/\/vaellocampos.com\/de\/Kataloge\/ref-62-emaillierter-topf\/\" target=\"_self\" title=\"Ref. 62 | Emaillierter topf\" rel=\"noopener\">\n\t\t\t\t<img decoding=\"async\" src=\"https:\/\/vaellocampos.com\/de\/wp-content\/uploads\/sites\/4\/portfolio-emailliertes-Geschirr-20cm.jpg\" alt=\"Emaillierter topf 24cm\" \/>\n\t\t\t\t<\/a>\n\t\t\t\t\t\t<h6>\n\t\t\t\t<a href=https:\/\/vaellocampos.com\/de\/Kataloge\/ref-62-emaillierter-topf\/ title=\"Ref. 62 | Emaillierter topf\" tabindex=\"0\">Ref. 62 | Emaillierter topf<\/a>\t\t\t<\/h6>\n\n","protected":false},"featured_media":2661,"template":"","meta":{"_uag_custom_page_level_css":"","_trash_the_other_posts":false,"site-sidebar-layout":"default","site-content-layout":"","ast-site-content-layout":"default","site-content-style":"default","site-sidebar-style":"default","ast-global-header-display":"","ast-banner-title-visibility":"","ast-main-header-display":"","ast-hfb-above-header-display":"","ast-hfb-below-header-display":"","ast-hfb-mobile-header-display":"","site-post-title":"disabled","ast-breadcrumbs-content":"","ast-featured-img":"","footer-sml-layout":"","theme-transparent-header-meta":"default","adv-header-id-meta":"","stick-header-meta":"default","header-above-stick-meta":"","header-main-stick-meta":"","header-below-stick-meta":"","astra-migrate-meta-layouts":"set","ast-page-background-enabled":"default","ast-page-background-meta":{"desktop":{"background-color":"","background-image":"","background-repeat":"repeat","background-position":"center center","background-size":"auto","background-attachment":"scroll","background-type":"","background-media":"","overlay-type":"","overlay-color":"","overlay-opacity":"","overlay-gradient":""},"tablet":{"background-color":"","background-image":"","background-repeat":"repeat","background-position":"center center","background-size":"auto","background-attachment":"scroll","background-type":"","background-media":"","overlay-type":"","overlay-color":"","overlay-opacity":"","overlay-gradient":""},"mobile":{"background-color":"","background-image":"","background-repeat":"repeat","background-position":"center center","background-size":"auto","background-attachment":"scroll","background-type":"","background-media":"","overlay-type":"","overlay-color":"","overlay-opacity":"","overlay-gradient":""}},"ast-content-background-meta":{"desktop":{"background-color":"var(--ast-global-color-5)","background-image":"","background-repeat":"repeat","background-position":"center center","background-size":"auto","background-attachment":"scroll","background-type":"","background-media":"","overlay-type":"","overlay-color":"","overlay-opacity":"","overlay-gradient":""},"tablet":{"background-color":"var(--ast-global-color-5)","background-image":"","background-repeat":"repeat","background-position":"center center","background-size":"auto","background-attachment":"scroll","background-type":"","background-media":"","overlay-type":"","overlay-color":"","overlay-opacity":"","overlay-gradient":""},"mobile":{"background-color":"var(--ast-global-color-5)","background-image":"","background-repeat":"repeat","background-position":"center center","background-size":"auto","background-attachment":"scroll","background-type":"","background-media":"","overlay-type":"","overlay-color":"","overlay-opacity":"","overlay-gradient":""}},"editor_notices":[]},"astra-portfolio-categories":[67],"astra-portfolio-other-categories":[69],"astra-portfolio-tags":[],"class_list":["post-2665","astra-portfolio","type-astra-portfolio","status-publish","has-post-thumbnail","hentry","astra-portfolio-categories-pfanne","astra-portfolio-other-categories-verriegelte-pfannen"],"astra-site-call-to-action":"","astra-site-open-in-new-tab":"0","astra-site-open-portfolio-in":"new-tab","astra-site-url":"","thumbnail-image-url":null,"thumbnail-image-meta":{"alt":"","title":""},"lightbox-image-url":null,"portfolio-type":"iframe","portfolio-video-url":"","request_time":0.1408681869506836,"yoast_head":"<!-- This site is optimized with the Yoast SEO plugin v25.3.1 - https:\/\/yoast.com\/wordpress\/plugins\/seo\/ -->\n<title>Deckel f\u00fcr emaillierte Stahlgeschirre - PAELLAS LA VALENCIANA | Kunden K\u00fcchenger\u00e4te<\/title>\n<meta name=\"robots\" content=\"index, follow, max-snippet:-1, max-image-preview:large, max-video-preview:-1\" \/>\n<link rel=\"canonical\" href=\"https:\/\/vaellocampos.com\/de\/Kataloge\/deckel-fuer-emaillierte-stahlgeschirre\/\" \/>\n<meta property=\"og:locale\" content=\"de_DE\" \/>\n<meta property=\"og:type\" content=\"article\" \/>\n<meta property=\"og:title\" content=\"Deckel f\u00fcr emaillierte Stahlgeschirre - PAELLAS LA VALENCIANA | Kunden K\u00fcchenger\u00e4te\" \/>\n<meta property=\"og:description\" content=\"Zur\u00fcck zum Pfannenkatalog M\u00c1S INFORMACI\u00d3N Deckel f\u00fcr emaillierte Stahlgeschirre Ref.52 Servierplattendeckel aus [&hellip;]\" \/>\n<meta property=\"og:url\" content=\"https:\/\/vaellocampos.com\/de\/Kataloge\/deckel-fuer-emaillierte-stahlgeschirre\/\" \/>\n<meta property=\"og:site_name\" content=\"PAELLAS LA VALENCIANA | Kunden K\u00fcchenger\u00e4te\" \/>\n<meta property=\"article:modified_time\" content=\"2025-05-16T05:00:38+00:00\" \/>\n<meta property=\"og:image\" content=\"https:\/\/vaellocampos.com\/de\/wp-content\/uploads\/sites\/4\/tapas-para-fuentes-de-acero-esmaltadas.jpg\" \/>\n\t<meta property=\"og:image:width\" content=\"1200\" \/>\n\t<meta property=\"og:image:height\" content=\"800\" \/>\n\t<meta property=\"og:image:type\" content=\"image\/jpeg\" \/>\n<meta name=\"twitter:card\" content=\"summary_large_image\" \/>\n<meta name=\"twitter:label1\" content=\"Gesch\u00e4tzte Lesezeit\" \/>\n\t<meta name=\"twitter:data1\" content=\"4\u00a0Minuten\" \/>\n<script type=\"application\/ld+json\" class=\"yoast-schema-graph\">{\"@context\":\"https:\/\/schema.org\",\"@graph\":[{\"@type\":\"WebPage\",\"@id\":\"https:\/\/vaellocampos.com\/de\/Kataloge\/deckel-fuer-emaillierte-stahlgeschirre\/\",\"url\":\"https:\/\/vaellocampos.com\/de\/Kataloge\/deckel-fuer-emaillierte-stahlgeschirre\/\",\"name\":\"Deckel f\u00fcr emaillierte Stahlgeschirre - PAELLAS LA VALENCIANA | Kunden K\u00fcchenger\u00e4te\",\"isPartOf\":{\"@id\":\"https:\/\/vaellocampos.com\/de\/#website\"},\"primaryImageOfPage\":{\"@id\":\"https:\/\/vaellocampos.com\/de\/Kataloge\/deckel-fuer-emaillierte-stahlgeschirre\/#primaryimage\"},\"image\":{\"@id\":\"https:\/\/vaellocampos.com\/de\/Kataloge\/deckel-fuer-emaillierte-stahlgeschirre\/#primaryimage\"},\"thumbnailUrl\":\"https:\/\/vaellocampos.com\/de\/wp-content\/uploads\/sites\/4\/tapas-para-fuentes-de-acero-esmaltadas.jpg\",\"datePublished\":\"2025-05-16T04:59:34+00:00\",\"dateModified\":\"2025-05-16T05:00:38+00:00\",\"breadcrumb\":{\"@id\":\"https:\/\/vaellocampos.com\/de\/Kataloge\/deckel-fuer-emaillierte-stahlgeschirre\/#breadcrumb\"},\"inLanguage\":\"de\",\"potentialAction\":[{\"@type\":\"ReadAction\",\"target\":[\"https:\/\/vaellocampos.com\/de\/Kataloge\/deckel-fuer-emaillierte-stahlgeschirre\/\"]}]},{\"@type\":\"ImageObject\",\"inLanguage\":\"de\",\"@id\":\"https:\/\/vaellocampos.com\/de\/Kataloge\/deckel-fuer-emaillierte-stahlgeschirre\/#primaryimage\",\"url\":\"https:\/\/vaellocampos.com\/de\/wp-content\/uploads\/sites\/4\/tapas-para-fuentes-de-acero-esmaltadas.jpg\",\"contentUrl\":\"https:\/\/vaellocampos.com\/de\/wp-content\/uploads\/sites\/4\/tapas-para-fuentes-de-acero-esmaltadas.jpg\",\"width\":1200,\"height\":800,\"caption\":\"Deckel f\u00fcr emailliertes Stahlgeschirr\"},{\"@type\":\"BreadcrumbList\",\"@id\":\"https:\/\/vaellocampos.com\/de\/Kataloge\/deckel-fuer-emaillierte-stahlgeschirre\/#breadcrumb\",\"itemListElement\":[{\"@type\":\"ListItem\",\"position\":1,\"name\":\"Portada\",\"item\":\"https:\/\/vaellocampos.com\/de\/\"},{\"@type\":\"ListItem\",\"position\":2,\"name\":\"Portfolio\",\"item\":\"https:\/\/vaellocampos.com\/de\/katalog-vaello\/\"},{\"@type\":\"ListItem\",\"position\":3,\"name\":\"Deckel f\u00fcr emaillierte Stahlgeschirre\"}]},{\"@type\":\"WebSite\",\"@id\":\"https:\/\/vaellocampos.com\/de\/#website\",\"url\":\"https:\/\/vaellocampos.com\/de\/\",\"name\":\"PAELLAS LA VALENCIANA | Kunden K\u00fcchenger\u00e4te\",\"description\":\"Paella-pfanne, Pfanne, Grillpfanne, Planchas... La Valenciana desde 1950 pone a disposici\u00f3n de sus clientes una extensa gama de productos\",\"publisher\":{\"@id\":\"https:\/\/vaellocampos.com\/de\/#organization\"},\"potentialAction\":[{\"@type\":\"SearchAction\",\"target\":{\"@type\":\"EntryPoint\",\"urlTemplate\":\"https:\/\/vaellocampos.com\/de\/?s={search_term_string}\"},\"query-input\":{\"@type\":\"PropertyValueSpecification\",\"valueRequired\":true,\"valueName\":\"search_term_string\"}}],\"inLanguage\":\"de\"},{\"@type\":\"Organization\",\"@id\":\"https:\/\/vaellocampos.com\/de\/#organization\",\"name\":\"PAELLAS LA VALENCIANA | Kunden K\u00fcchenger\u00e4te\",\"url\":\"https:\/\/vaellocampos.com\/de\/\",\"logo\":{\"@type\":\"ImageObject\",\"inLanguage\":\"de\",\"@id\":\"https:\/\/vaellocampos.com\/de\/#\/schema\/logo\/image\/\",\"url\":\"https:\/\/vaellocampos.com\/de\/wp-content\/uploads\/sites\/4\/cropped-logo-menuprincipal.png\",\"contentUrl\":\"https:\/\/vaellocampos.com\/de\/wp-content\/uploads\/sites\/4\/cropped-logo-menuprincipal.png\",\"width\":131,\"height\":67,\"caption\":\"PAELLAS LA VALENCIANA | Kunden K\u00fcchenger\u00e4te\"},\"image\":{\"@id\":\"https:\/\/vaellocampos.com\/de\/#\/schema\/logo\/image\/\"}}]}<\/script>\n<!-- \/ Yoast SEO plugin. -->","yoast_head_json":{"title":"Deckel f\u00fcr emaillierte Stahlgeschirre - PAELLAS LA VALENCIANA | Kunden K\u00fcchenger\u00e4te","robots":{"index":"index","follow":"follow","max-snippet":"max-snippet:-1","max-image-preview":"max-image-preview:large","max-video-preview":"max-video-preview:-1"},"canonical":"https:\/\/vaellocampos.com\/de\/Kataloge\/deckel-fuer-emaillierte-stahlgeschirre\/","og_locale":"de_DE","og_type":"article","og_title":"Deckel f\u00fcr emaillierte Stahlgeschirre - PAELLAS LA VALENCIANA | Kunden K\u00fcchenger\u00e4te","og_description":"Zur\u00fcck zum Pfannenkatalog M\u00c1S INFORMACI\u00d3N Deckel f\u00fcr emaillierte Stahlgeschirre Ref.52 Servierplattendeckel aus [&hellip;]","og_url":"https:\/\/vaellocampos.com\/de\/Kataloge\/deckel-fuer-emaillierte-stahlgeschirre\/","og_site_name":"PAELLAS LA VALENCIANA | Kunden K\u00fcchenger\u00e4te","article_modified_time":"2025-05-16T05:00:38+00:00","og_image":[{"width":1200,"height":800,"url":"https:\/\/vaellocampos.com\/de\/wp-content\/uploads\/sites\/4\/tapas-para-fuentes-de-acero-esmaltadas.jpg","type":"image\/jpeg"}],"twitter_card":"summary_large_image","twitter_misc":{"Gesch\u00e4tzte Lesezeit":"4\u00a0Minuten"},"schema":{"@context":"https:\/\/schema.org","@graph":[{"@type":"WebPage","@id":"https:\/\/vaellocampos.com\/de\/Kataloge\/deckel-fuer-emaillierte-stahlgeschirre\/","url":"https:\/\/vaellocampos.com\/de\/Kataloge\/deckel-fuer-emaillierte-stahlgeschirre\/","name":"Deckel f\u00fcr emaillierte Stahlgeschirre - PAELLAS LA VALENCIANA | Kunden K\u00fcchenger\u00e4te","isPartOf":{"@id":"https:\/\/vaellocampos.com\/de\/#website"},"primaryImageOfPage":{"@id":"https:\/\/vaellocampos.com\/de\/Kataloge\/deckel-fuer-emaillierte-stahlgeschirre\/#primaryimage"},"image":{"@id":"https:\/\/vaellocampos.com\/de\/Kataloge\/deckel-fuer-emaillierte-stahlgeschirre\/#primaryimage"},"thumbnailUrl":"https:\/\/vaellocampos.com\/de\/wp-content\/uploads\/sites\/4\/tapas-para-fuentes-de-acero-esmaltadas.jpg","datePublished":"2025-05-16T04:59:34+00:00","dateModified":"2025-05-16T05:00:38+00:00","breadcrumb":{"@id":"https:\/\/vaellocampos.com\/de\/Kataloge\/deckel-fuer-emaillierte-stahlgeschirre\/#breadcrumb"},"inLanguage":"de","potentialAction":[{"@type":"ReadAction","target":["https:\/\/vaellocampos.com\/de\/Kataloge\/deckel-fuer-emaillierte-stahlgeschirre\/"]}]},{"@type":"ImageObject","inLanguage":"de","@id":"https:\/\/vaellocampos.com\/de\/Kataloge\/deckel-fuer-emaillierte-stahlgeschirre\/#primaryimage","url":"https:\/\/vaellocampos.com\/de\/wp-content\/uploads\/sites\/4\/tapas-para-fuentes-de-acero-esmaltadas.jpg","contentUrl":"https:\/\/vaellocampos.com\/de\/wp-content\/uploads\/sites\/4\/tapas-para-fuentes-de-acero-esmaltadas.jpg","width":1200,"height":800,"caption":"Deckel f\u00fcr emailliertes Stahlgeschirr"},{"@type":"BreadcrumbList","@id":"https:\/\/vaellocampos.com\/de\/Kataloge\/deckel-fuer-emaillierte-stahlgeschirre\/#breadcrumb","itemListElement":[{"@type":"ListItem","position":1,"name":"Portada","item":"https:\/\/vaellocampos.com\/de\/"},{"@type":"ListItem","position":2,"name":"Portfolio","item":"https:\/\/vaellocampos.com\/de\/katalog-vaello\/"},{"@type":"ListItem","position":3,"name":"Deckel f\u00fcr emaillierte Stahlgeschirre"}]},{"@type":"WebSite","@id":"https:\/\/vaellocampos.com\/de\/#website","url":"https:\/\/vaellocampos.com\/de\/","name":"PAELLAS LA VALENCIANA | Kunden K\u00fcchenger\u00e4te","description":"Paella-pfanne, Pfanne, Grillpfanne, Planchas... La Valenciana desde 1950 pone a disposici\u00f3n de sus clientes una extensa gama de productos","publisher":{"@id":"https:\/\/vaellocampos.com\/de\/#organization"},"potentialAction":[{"@type":"SearchAction","target":{"@type":"EntryPoint","urlTemplate":"https:\/\/vaellocampos.com\/de\/?s={search_term_string}"},"query-input":{"@type":"PropertyValueSpecification","valueRequired":true,"valueName":"search_term_string"}}],"inLanguage":"de"},{"@type":"Organization","@id":"https:\/\/vaellocampos.com\/de\/#organization","name":"PAELLAS LA VALENCIANA | Kunden K\u00fcchenger\u00e4te","url":"https:\/\/vaellocampos.com\/de\/","logo":{"@type":"ImageObject","inLanguage":"de","@id":"https:\/\/vaellocampos.com\/de\/#\/schema\/logo\/image\/","url":"https:\/\/vaellocampos.com\/de\/wp-content\/uploads\/sites\/4\/cropped-logo-menuprincipal.png","contentUrl":"https:\/\/vaellocampos.com\/de\/wp-content\/uploads\/sites\/4\/cropped-logo-menuprincipal.png","width":131,"height":67,"caption":"PAELLAS LA VALENCIANA | Kunden K\u00fcchenger\u00e4te"},"image":{"@id":"https:\/\/vaellocampos.com\/de\/#\/schema\/logo\/image\/"}}]}},"uagb_featured_image_src":{"full":["https:\/\/vaellocampos.com\/de\/wp-content\/uploads\/sites\/4\/tapas-para-fuentes-de-acero-esmaltadas.jpg",1200,800,false],"thumbnail":["https:\/\/vaellocampos.com\/de\/wp-content\/uploads\/sites\/4\/tapas-para-fuentes-de-acero-esmaltadas.jpg",128,85,false],"medium":["https:\/\/vaellocampos.com\/de\/wp-content\/uploads\/sites\/4\/tapas-para-fuentes-de-acero-esmaltadas.jpg",1200,800,false],"medium_large":["https:\/\/vaellocampos.com\/de\/wp-content\/uploads\/sites\/4\/tapas-para-fuentes-de-acero-esmaltadas-768x512.jpg",768,512,true],"large":["https:\/\/vaellocampos.com\/de\/wp-content\/uploads\/sites\/4\/tapas-para-fuentes-de-acero-esmaltadas.jpg",1200,800,false],"1536x1536":["https:\/\/vaellocampos.com\/de\/wp-content\/uploads\/sites\/4\/tapas-para-fuentes-de-acero-esmaltadas.jpg",1200,800,false],"2048x2048":["https:\/\/vaellocampos.com\/de\/wp-content\/uploads\/sites\/4\/tapas-para-fuentes-de-acero-esmaltadas.jpg",1200,800,false]},"uagb_author_info":{"display_name":"admin","author_link":"https:\/\/vaellocampos.com\/de\/author\/"},"uagb_comment_info":0,"uagb_excerpt":"Zur\u00fcck zum Pfannenkatalog M\u00c1S INFORMACI\u00d3N Deckel f\u00fcr emaillierte Stahlgeschirre Ref.52 Servierplattendeckel aus [&hellip;]","_links":{"self":[{"href":"https:\/\/vaellocampos.com\/de\/wp-json\/wp\/v2\/astra-portfolio\/2665","targetHints":{"allow":["GET"]}}],"collection":[{"href":"https:\/\/vaellocampos.com\/de\/wp-json\/wp\/v2\/astra-portfolio"}],"about":[{"href":"https:\/\/vaellocampos.com\/de\/wp-json\/wp\/v2\/types\/astra-portfolio"}],"wp:featuredmedia":[{"embeddable":true,"href":"https:\/\/vaellocampos.com\/de\/wp-json\/wp\/v2\/media\/2661"}],"wp:attachment":[{"href":"https:\/\/vaellocampos.com\/de\/wp-json\/wp\/v2\/media?parent=2665"}],"wp:term":[{"taxonomy":"astra-portfolio-categories","embeddable":true,"href":"https:\/\/vaellocampos.com\/de\/wp-json\/wp\/v2\/astra-portfolio-categories?post=2665"},{"taxonomy":"astra-portfolio-other-categories","embeddable":true,"href":"https:\/\/vaellocampos.com\/de\/wp-json\/wp\/v2\/astra-portfolio-other-categories?post=2665"},{"taxonomy":"astra-portfolio-tags","embeddable":true,"href":"https:\/\/vaellocampos.com\/de\/wp-json\/wp\/v2\/astra-portfolio-tags?post=2665"}],"curies":[{"name":"wp","href":"https:\/\/api.w.org\/{rel}","templated":true}]}}