{"id":45,"date":"2021-02-22T19:47:28","date_gmt":"2021-02-22T18:47:28","guid":{"rendered":"https:\/\/vaellocampos.com\/?page_id=45"},"modified":"2024-12-02T12:05:27","modified_gmt":"2024-12-02T11:05:27","slug":"blog","status":"publish","type":"page","link":"https:\/\/vaellocampos.com\/de\/blog\/","title":{"rendered":"Blog"},"content":{"rendered":"\n\n\t<p>[ DIES IST UNSER BLOG ]<\/p>\n\t<p>Unsere neuesten Nachrichten<\/p>\n\t\t<a href=\"https:\/\/vaellocampos.com\/de\/paella-im-freien-kochen-gasbrenner-oder-holzfeuer\/\" title=\"View Box Content\" target=\"_self\" aria-label=\"Post Element\" rel=\"noopener\"><\/a>\t\t\n\t\t\t\t\t\t\t\t\t\t\t\t\t\t<a href=\"https:\/\/vaellocampos.com\/de\/paella-im-freien-kochen-gasbrenner-oder-holzfeuer\/\" target=\"_self\" title=\"PAELLA IM FREIEN KOCHEN: GASBRENNER ODER HOLZFEUER?\u00a0\" rel=\"noopener\">\n\t\t\t\t<img decoding=\"async\" src=\"https:\/\/vaellocampos.com\/de\/wp-content\/uploads\/sites\/4\/bb-plugin\/cache\/1621496768paellavalencianalalena-2-custom_crop.jpeg\" alt=\"\" \/>\n\t\t\t\t<\/a>\n\t\t\t\t\t\t<h3>\n\t\t\t\t<a href=https:\/\/vaellocampos.com\/de\/paella-im-freien-kochen-gasbrenner-oder-holzfeuer\/ title=\"PAELLA IM FREIEN KOCHEN: GASBRENNER ODER HOLZFEUER?\u00a0\" tabindex=\"0\">PAELLA IM FREIEN KOCHEN: GASBRENNER ODER HOLZFEUER?\u00a0<\/a>\t\t\t<\/h3>\n\t\t<a href=\"https:\/\/vaellocampos.com\/de\/paella-valencianische-tradition-in-reinkultur-auf-dem-weg-zum-nationalen-kulturgut\/\" title=\"View Box Content\" target=\"_self\" aria-label=\"Post Element\" rel=\"noopener\"><\/a>\t\t\n\t\t\t\t\t\t\t\t\t\t\t\t\t\t<a href=\"https:\/\/vaellocampos.com\/de\/paella-valencianische-tradition-in-reinkultur-auf-dem-weg-zum-nationalen-kulturgut\/\" target=\"_self\" title=\"PAELLA: VALENCIANISCHE TRADITION IN REINKULTUR AUF DEM WEG ZUM NATIONALEN KULTURGUT\" rel=\"noopener\">\n\t\t\t\t<img decoding=\"async\" src=\"https:\/\/vaellocampos.com\/de\/wp-content\/uploads\/sites\/4\/bb-plugin\/cache\/1618903951Capturadepantalla20210420alas9.27.09-2-custom_crop.png\" alt=\"\" \/>\n\t\t\t\t<\/a>\n\t\t\t\t\t\t<h3>\n\t\t\t\t<a href=https:\/\/vaellocampos.com\/de\/paella-valencianische-tradition-in-reinkultur-auf-dem-weg-zum-nationalen-kulturgut\/ title=\"PAELLA: VALENCIANISCHE TRADITION IN REINKULTUR AUF DEM WEG ZUM NATIONALEN KULTURGUT\" tabindex=\"0\">PAELLA: VALENCIANISCHE TRADITION IN REINKULTUR AUF DEM WEG ZUM NATIONALEN KULTURGUT<\/a>\t\t\t<\/h3>\n\t\t<a href=\"https:\/\/vaellocampos.com\/de\/polierter-stahl-oder-emaille-was-passt-am-besten-zu-ihnen\/\" title=\"View Box Content\" target=\"_self\" aria-label=\"Post Element\" rel=\"noopener\"><\/a>\t\t\n\t\t\t\t\t\t\t\t\t\t\t\t\t\t<a href=\"https:\/\/vaellocampos.com\/de\/polierter-stahl-oder-emaille-was-passt-am-besten-zu-ihnen\/\" target=\"_self\" title=\"POLIERTER STAHL ODER EMAILLE? WAS PASST AM BESTEN ZU IHNEN?\" rel=\"noopener\">\n\t\t\t\t<img decoding=\"async\" src=\"https:\/\/vaellocampos.com\/de\/wp-content\/uploads\/sites\/4\/bb-plugin\/cache\/1615464002vaello_post110321-2-custom_crop.jpg\" alt=\"\" \/>\n\t\t\t\t<\/a>\n\t\t\t\t\t\t<h3>\n\t\t\t\t<a href=https:\/\/vaellocampos.com\/de\/polierter-stahl-oder-emaille-was-passt-am-besten-zu-ihnen\/ title=\"POLIERTER STAHL ODER EMAILLE? WAS PASST AM BESTEN ZU IHNEN?\" tabindex=\"0\">POLIERTER STAHL ODER EMAILLE? WAS PASST AM BESTEN ZU IHNEN?<\/a>\t\t\t<\/h3>\n\t\t<a href=\"https:\/\/vaellocampos.com\/de\/kuechengeraete-fuer-induktions-und-glaskeramik-kochfelder\/\" title=\"View Box Content\" target=\"_self\" aria-label=\"Post Element\" rel=\"noopener\"><\/a>\t\t\n\t\t\t\t\t\t\t\t\t\t\t\t\t\t<a href=\"https:\/\/vaellocampos.com\/de\/kuechengeraete-fuer-induktions-und-glaskeramik-kochfelder\/\" target=\"_self\" title=\"K\u00dcCHENGER\u00c4TE F\u00dcR INDUKTIONS- UND GLASKERAMIK-KOCHFELDER\" rel=\"noopener\">\n\t\t\t\t<img decoding=\"async\" src=\"https:\/\/vaellocampos.com\/de\/wp-content\/uploads\/sites\/4\/bb-plugin\/cache\/1613652421vaello_post180221_blog2-2-custom_crop.jpg\" alt=\"\" \/>\n\t\t\t\t<\/a>\n\t\t\t\t\t\t<h3>\n\t\t\t\t<a href=https:\/\/vaellocampos.com\/de\/kuechengeraete-fuer-induktions-und-glaskeramik-kochfelder\/ title=\"K\u00dcCHENGER\u00c4TE F\u00dcR INDUKTIONS- UND GLASKERAMIK-KOCHFELDER\" tabindex=\"0\">K\u00dcCHENGER\u00c4TE F\u00dcR INDUKTIONS- UND GLASKERAMIK-KOCHFELDER<\/a>\t\t\t<\/h3>\n\t\t<a href=\"https:\/\/vaellocampos.com\/de\/kuechengeraete-richtig-pflegen\/\" title=\"View Box Content\" target=\"_self\" aria-label=\"Post Element\" rel=\"noopener\"><\/a>\t\t\n\t\t\t\t\t\t\t\t\t\t\t\t\t\t<a href=\"https:\/\/vaellocampos.com\/de\/kuechengeraete-richtig-pflegen\/\" target=\"_self\" title=\"K\u00dcCHENGER\u00c4TE RICHTIG PFLEGEN\" rel=\"noopener\">\n\t\t\t\t<img decoding=\"async\" src=\"https:\/\/vaellocampos.com\/de\/wp-content\/uploads\/sites\/4\/bb-plugin\/cache\/1611075877vaello_post190121-2-custom_crop.jpg\" alt=\"\" \/>\n\t\t\t\t<\/a>\n\t\t\t\t\t\t<h3>\n\t\t\t\t<a href=https:\/\/vaellocampos.com\/de\/kuechengeraete-richtig-pflegen\/ title=\"K\u00dcCHENGER\u00c4TE RICHTIG PFLEGEN\" tabindex=\"0\">K\u00dcCHENGER\u00c4TE RICHTIG PFLEGEN<\/a>\t\t\t<\/h3>\n\t\t\n","protected":false},"excerpt":{"rendered":"<p>[ DIES IST UNSER BLOG ] Unsere neuesten Nachrichten PAELLA IM FREIEN [&hellip;]<\/p>\n","protected":false},"author":1,"featured_media":0,"parent":0,"menu_order":0,"comment_status":"closed","ping_status":"closed","template":"","meta":{"_uag_custom_page_level_css":"","_trash_the_other_posts":false,"site-sidebar-layout":"no-sidebar","site-content-layout":"page-builder","ast-site-content-layout":"default","site-content-style":"default","site-sidebar-style":"default","ast-global-header-display":"","ast-banner-title-visibility":"","ast-main-header-display":"","ast-hfb-above-header-display":"","ast-hfb-below-header-display":"","ast-hfb-mobile-header-display":"","site-post-title":"disabled","ast-breadcrumbs-content":"disabled","ast-featured-img":"","footer-sml-layout":"","theme-transparent-header-meta":"default","adv-header-id-meta":"","stick-header-meta":"default","header-above-stick-meta":"","header-main-stick-meta":"","header-below-stick-meta":"","astra-migrate-meta-layouts":"default","ast-page-background-enabled":"default","ast-page-background-meta":{"desktop":{"background-color":"","background-image":"","background-repeat":"repeat","background-position":"center center","background-size":"auto","background-attachment":"scroll","background-type":"","background-media":"","overlay-type":"","overlay-color":"","overlay-opacity":"","overlay-gradient":""},"tablet":{"background-color":"","background-image":"","background-repeat":"repeat","background-position":"center center","background-size":"auto","background-attachment":"scroll","background-type":"","background-media":"","overlay-type":"","overlay-color":"","overlay-opacity":"","overlay-gradient":""},"mobile":{"background-color":"","background-image":"","background-repeat":"repeat","background-position":"center center","background-size":"auto","background-attachment":"scroll","background-type":"","background-media":"","overlay-type":"","overlay-color":"","overlay-opacity":"","overlay-gradient":""}},"ast-content-background-meta":{"desktop":{"background-color":"var(--ast-global-color-5)","background-image":"","background-repeat":"repeat","background-position":"center center","background-size":"auto","background-attachment":"scroll","background-type":"","background-media":"","overlay-type":"","overlay-color":"","overlay-opacity":"","overlay-gradient":""},"tablet":{"background-color":"var(--ast-global-color-5)","background-image":"","background-repeat":"repeat","background-position":"center center","background-size":"auto","background-attachment":"scroll","background-type":"","background-media":"","overlay-type":"","overlay-color":"","overlay-opacity":"","overlay-gradient":""},"mobile":{"background-color":"var(--ast-global-color-5)","background-image":"","background-repeat":"repeat","background-position":"center center","background-size":"auto","background-attachment":"scroll","background-type":"","background-media":"","overlay-type":"","overlay-color":"","overlay-opacity":"","overlay-gradient":""}},"editor_notices":[],"footnotes":""},"class_list":["post-45","page","type-page","status-publish","hentry"],"yoast_head":"<!-- This site is optimized with the Yoast SEO plugin v25.3.1 - https:\/\/yoast.com\/wordpress\/plugins\/seo\/ -->\n<title>Blog - PAELLAS LA VALENCIANA | Kunden K\u00fcchenger\u00e4te<\/title>\n<meta name=\"robots\" content=\"index, follow, max-snippet:-1, max-image-preview:large, max-video-preview:-1\" \/>\n<link rel=\"canonical\" href=\"https:\/\/vaellocampos.com\/de\/blog\/\" \/>\n<meta property=\"og:locale\" content=\"de_DE\" \/>\n<meta property=\"og:type\" content=\"article\" \/>\n<meta property=\"og:title\" content=\"Blog - PAELLAS LA VALENCIANA | Kunden K\u00fcchenger\u00e4te\" \/>\n<meta property=\"og:description\" content=\"[ DIES IST UNSER BLOG ] Unsere neuesten Nachrichten PAELLA IM FREIEN [&hellip;]\" \/>\n<meta property=\"og:url\" content=\"https:\/\/vaellocampos.com\/de\/blog\/\" \/>\n<meta property=\"og:site_name\" content=\"PAELLAS LA VALENCIANA | Kunden K\u00fcchenger\u00e4te\" \/>\n<meta property=\"article:modified_time\" content=\"2024-12-02T11:05:27+00:00\" \/>\n<meta property=\"og:image\" content=\"https:\/\/vaellocampos.com\/de\/wp-content\/uploads\/sites\/4\/bb-plugin\/cache\/1621496768paellavalencianalalena-2-custom_crop.jpeg\" \/>\n<meta name=\"twitter:card\" content=\"summary_large_image\" \/>\n<script type=\"application\/ld+json\" class=\"yoast-schema-graph\">{\"@context\":\"https:\/\/schema.org\",\"@graph\":[{\"@type\":\"WebPage\",\"@id\":\"https:\/\/vaellocampos.com\/de\/blog\/\",\"url\":\"https:\/\/vaellocampos.com\/de\/blog\/\",\"name\":\"Blog - PAELLAS LA VALENCIANA | Kunden K\u00fcchenger\u00e4te\",\"isPartOf\":{\"@id\":\"https:\/\/vaellocampos.com\/de\/#website\"},\"primaryImageOfPage\":{\"@id\":\"https:\/\/vaellocampos.com\/de\/blog\/#primaryimage\"},\"image\":{\"@id\":\"https:\/\/vaellocampos.com\/de\/blog\/#primaryimage\"},\"thumbnailUrl\":\"https:\/\/vaellocampos.com\/de\/wp-content\/uploads\/sites\/4\/bb-plugin\/cache\/1621496768paellavalencianalalena-2-custom_crop.jpeg\",\"datePublished\":\"2021-02-22T18:47:28+00:00\",\"dateModified\":\"2024-12-02T11:05:27+00:00\",\"breadcrumb\":{\"@id\":\"https:\/\/vaellocampos.com\/de\/blog\/#breadcrumb\"},\"inLanguage\":\"de\",\"potentialAction\":[{\"@type\":\"ReadAction\",\"target\":[\"https:\/\/vaellocampos.com\/de\/blog\/\"]}]},{\"@type\":\"ImageObject\",\"inLanguage\":\"de\",\"@id\":\"https:\/\/vaellocampos.com\/de\/blog\/#primaryimage\",\"url\":\"https:\/\/vaellocampos.com\/de\/wp-content\/uploads\/sites\/4\/bb-plugin\/cache\/1621496768paellavalencianalalena-2-custom_crop.jpeg\",\"contentUrl\":\"https:\/\/vaellocampos.com\/de\/wp-content\/uploads\/sites\/4\/bb-plugin\/cache\/1621496768paellavalencianalalena-2-custom_crop.jpeg\"},{\"@type\":\"BreadcrumbList\",\"@id\":\"https:\/\/vaellocampos.com\/de\/blog\/#breadcrumb\",\"itemListElement\":[{\"@type\":\"ListItem\",\"position\":1,\"name\":\"Portada\",\"item\":\"https:\/\/vaellocampos.com\/de\/\"},{\"@type\":\"ListItem\",\"position\":2,\"name\":\"Blog\"}]},{\"@type\":\"WebSite\",\"@id\":\"https:\/\/vaellocampos.com\/de\/#website\",\"url\":\"https:\/\/vaellocampos.com\/de\/\",\"name\":\"PAELLAS LA VALENCIANA | Kunden K\u00fcchenger\u00e4te\",\"description\":\"Paella-pfanne, Pfanne, Grillpfanne, Planchas... La Valenciana desde 1950 pone a disposici\u00f3n de sus clientes una extensa gama de productos\",\"publisher\":{\"@id\":\"https:\/\/vaellocampos.com\/de\/#organization\"},\"potentialAction\":[{\"@type\":\"SearchAction\",\"target\":{\"@type\":\"EntryPoint\",\"urlTemplate\":\"https:\/\/vaellocampos.com\/de\/?s={search_term_string}\"},\"query-input\":{\"@type\":\"PropertyValueSpecification\",\"valueRequired\":true,\"valueName\":\"search_term_string\"}}],\"inLanguage\":\"de\"},{\"@type\":\"Organization\",\"@id\":\"https:\/\/vaellocampos.com\/de\/#organization\",\"name\":\"PAELLAS LA VALENCIANA | Kunden K\u00fcchenger\u00e4te\",\"url\":\"https:\/\/vaellocampos.com\/de\/\",\"logo\":{\"@type\":\"ImageObject\",\"inLanguage\":\"de\",\"@id\":\"https:\/\/vaellocampos.com\/de\/#\/schema\/logo\/image\/\",\"url\":\"https:\/\/vaellocampos.com\/de\/wp-content\/uploads\/sites\/4\/cropped-logo-menuprincipal.png\",\"contentUrl\":\"https:\/\/vaellocampos.com\/de\/wp-content\/uploads\/sites\/4\/cropped-logo-menuprincipal.png\",\"width\":131,\"height\":67,\"caption\":\"PAELLAS LA VALENCIANA | Kunden K\u00fcchenger\u00e4te\"},\"image\":{\"@id\":\"https:\/\/vaellocampos.com\/de\/#\/schema\/logo\/image\/\"}}]}<\/script>\n<!-- \/ Yoast SEO plugin. -->","yoast_head_json":{"title":"Blog - PAELLAS LA VALENCIANA | Kunden K\u00fcchenger\u00e4te","robots":{"index":"index","follow":"follow","max-snippet":"max-snippet:-1","max-image-preview":"max-image-preview:large","max-video-preview":"max-video-preview:-1"},"canonical":"https:\/\/vaellocampos.com\/de\/blog\/","og_locale":"de_DE","og_type":"article","og_title":"Blog - PAELLAS LA VALENCIANA | Kunden K\u00fcchenger\u00e4te","og_description":"[ DIES IST UNSER BLOG ] Unsere neuesten Nachrichten PAELLA IM FREIEN [&hellip;]","og_url":"https:\/\/vaellocampos.com\/de\/blog\/","og_site_name":"PAELLAS LA VALENCIANA | Kunden K\u00fcchenger\u00e4te","article_modified_time":"2024-12-02T11:05:27+00:00","og_image":[{"url":"https:\/\/vaellocampos.com\/de\/wp-content\/uploads\/sites\/4\/bb-plugin\/cache\/1621496768paellavalencianalalena-2-custom_crop.jpeg","type":"","width":"","height":""}],"twitter_card":"summary_large_image","schema":{"@context":"https:\/\/schema.org","@graph":[{"@type":"WebPage","@id":"https:\/\/vaellocampos.com\/de\/blog\/","url":"https:\/\/vaellocampos.com\/de\/blog\/","name":"Blog - PAELLAS LA VALENCIANA | Kunden K\u00fcchenger\u00e4te","isPartOf":{"@id":"https:\/\/vaellocampos.com\/de\/#website"},"primaryImageOfPage":{"@id":"https:\/\/vaellocampos.com\/de\/blog\/#primaryimage"},"image":{"@id":"https:\/\/vaellocampos.com\/de\/blog\/#primaryimage"},"thumbnailUrl":"https:\/\/vaellocampos.com\/de\/wp-content\/uploads\/sites\/4\/bb-plugin\/cache\/1621496768paellavalencianalalena-2-custom_crop.jpeg","datePublished":"2021-02-22T18:47:28+00:00","dateModified":"2024-12-02T11:05:27+00:00","breadcrumb":{"@id":"https:\/\/vaellocampos.com\/de\/blog\/#breadcrumb"},"inLanguage":"de","potentialAction":[{"@type":"ReadAction","target":["https:\/\/vaellocampos.com\/de\/blog\/"]}]},{"@type":"ImageObject","inLanguage":"de","@id":"https:\/\/vaellocampos.com\/de\/blog\/#primaryimage","url":"https:\/\/vaellocampos.com\/de\/wp-content\/uploads\/sites\/4\/bb-plugin\/cache\/1621496768paellavalencianalalena-2-custom_crop.jpeg","contentUrl":"https:\/\/vaellocampos.com\/de\/wp-content\/uploads\/sites\/4\/bb-plugin\/cache\/1621496768paellavalencianalalena-2-custom_crop.jpeg"},{"@type":"BreadcrumbList","@id":"https:\/\/vaellocampos.com\/de\/blog\/#breadcrumb","itemListElement":[{"@type":"ListItem","position":1,"name":"Portada","item":"https:\/\/vaellocampos.com\/de\/"},{"@type":"ListItem","position":2,"name":"Blog"}]},{"@type":"WebSite","@id":"https:\/\/vaellocampos.com\/de\/#website","url":"https:\/\/vaellocampos.com\/de\/","name":"PAELLAS LA VALENCIANA | Kunden K\u00fcchenger\u00e4te","description":"Paella-pfanne, Pfanne, Grillpfanne, Planchas... La Valenciana desde 1950 pone a disposici\u00f3n de sus clientes una extensa gama de productos","publisher":{"@id":"https:\/\/vaellocampos.com\/de\/#organization"},"potentialAction":[{"@type":"SearchAction","target":{"@type":"EntryPoint","urlTemplate":"https:\/\/vaellocampos.com\/de\/?s={search_term_string}"},"query-input":{"@type":"PropertyValueSpecification","valueRequired":true,"valueName":"search_term_string"}}],"inLanguage":"de"},{"@type":"Organization","@id":"https:\/\/vaellocampos.com\/de\/#organization","name":"PAELLAS LA VALENCIANA | Kunden K\u00fcchenger\u00e4te","url":"https:\/\/vaellocampos.com\/de\/","logo":{"@type":"ImageObject","inLanguage":"de","@id":"https:\/\/vaellocampos.com\/de\/#\/schema\/logo\/image\/","url":"https:\/\/vaellocampos.com\/de\/wp-content\/uploads\/sites\/4\/cropped-logo-menuprincipal.png","contentUrl":"https:\/\/vaellocampos.com\/de\/wp-content\/uploads\/sites\/4\/cropped-logo-menuprincipal.png","width":131,"height":67,"caption":"PAELLAS LA VALENCIANA | Kunden K\u00fcchenger\u00e4te"},"image":{"@id":"https:\/\/vaellocampos.com\/de\/#\/schema\/logo\/image\/"}}]}},"uagb_featured_image_src":{"full":false,"thumbnail":false,"medium":false,"medium_large":false,"large":false,"1536x1536":false,"2048x2048":false},"uagb_author_info":{"display_name":"admin","author_link":"https:\/\/vaellocampos.com\/de\/author\/o2estudio_3k3rco7w\/"},"uagb_comment_info":0,"uagb_excerpt":"[ DIES IST UNSER BLOG ] Unsere neuesten Nachrichten PAELLA IM FREIEN [&hellip;]","_links":{"self":[{"href":"https:\/\/vaellocampos.com\/de\/wp-json\/wp\/v2\/pages\/45","targetHints":{"allow":["GET"]}}],"collection":[{"href":"https:\/\/vaellocampos.com\/de\/wp-json\/wp\/v2\/pages"}],"about":[{"href":"https:\/\/vaellocampos.com\/de\/wp-json\/wp\/v2\/types\/page"}],"author":[{"embeddable":true,"href":"https:\/\/vaellocampos.com\/de\/wp-json\/wp\/v2\/users\/1"}],"replies":[{"embeddable":true,"href":"https:\/\/vaellocampos.com\/de\/wp-json\/wp\/v2\/comments?post=45"}],"version-history":[{"count":15,"href":"https:\/\/vaellocampos.com\/de\/wp-json\/wp\/v2\/pages\/45\/revisions"}],"predecessor-version":[{"id":2654,"href":"https:\/\/vaellocampos.com\/de\/wp-json\/wp\/v2\/pages\/45\/revisions\/2654"}],"wp:attachment":[{"href":"https:\/\/vaellocampos.com\/de\/wp-json\/wp\/v2\/media?parent=45"}],"curies":[{"name":"wp","href":"https:\/\/api.w.org\/{rel}","templated":true}]}}